{"id":40929,"date":"2024-03-05T15:51:36","date_gmt":"2024-03-05T14:51:36","guid":{"rendered":"https:\/\/www.hidrogarne.com\/privacy-policy\/"},"modified":"2026-04-16T12:05:47","modified_gmt":"2026-04-16T10:05:47","slug":"mentions-legales","status":"publish","type":"page","link":"https:\/\/www.hidrogarne.com\/fr\/mentions-legales\/","title":{"rendered":"Mentions l\u00e9gales et politique de confidentialit\u00e9"},"content":{"rendered":"\n<h2 class=\"wp-block-heading\">Mentions l\u00e9gales<\/h2>\n\n\n\n<p><strong>TITULAIRE DU SITE WEB<\/strong><br>Conform\u00e9ment au devoir d\u2019information pr\u00e9vu \u00e0 l\u2019article 10 de la Loi 34\/2002 du 11 juillet sur les services de la soci\u00e9t\u00e9 de l\u2019information et le commerce \u00e9lectronique, les donn\u00e9es suivantes sont fournies :<\/p>\n\n\n\n<p>Soci\u00e9t\u00e9 titulaire de ce site web : HIDROGARNE, S.L.U.<br>C.I.F. : B25401373<br>Adresse : POL. IND. HOSTAL NOU, 2 &#8211; 25250 &#8211; BELLPUIG (LLEIDA)<br>Donn\u00e9es d\u2019enregistrement : Registre du commerce de Lleida, Volume 503, Section G\u00e9n\u00e9rale, Page 42, Feuille L-9391, Inscription 2\u00aa<br>T\u00e9l\u00e9phone : 973320666<br>Email : info@hidrogarne.com<\/p>\n\n\n\n<p><strong>OBJET<\/strong><br>Le responsable met ce document \u00e0 la disposition des utilisateurs afin de se conformer \u00e0 la r\u00e9glementation en vigueur en mati\u00e8re de protection des donn\u00e9es, dans le cadre du nouveau r\u00e8glement (UE) 2016\/679 du Parlement europ\u00e9en et du Conseil du 27 avril 2016 (RGPD), et de la loi nationale LOPDGDD, et pour informer les utilisateurs des conditions d\u2019utilisation du site.<\/p>\n\n\n\n<p>Toute personne acc\u00e9dant au site web assume le r\u00f4le d\u2019utilisateur et s\u2019engage \u00e0 respecter ces dispositions ainsi que toute autre loi applicable.<\/p>\n\n\n\n<p>Le Responsable se r\u00e9serve le droit de modifier toute information publi\u00e9e sur le site web sans obligation de pr\u00e9avis, la publication sur le site \u00e9tant consid\u00e9r\u00e9e comme suffisante.<\/p>\n\n\n\n<p><strong>RESPONSABILIT\u00c9<\/strong><br>Le Responsable d\u00e9cline toute responsabilit\u00e9 pour les informations publi\u00e9es sur son site qui auraient \u00e9t\u00e9 manipul\u00e9es ou introduites par des tiers.<\/p>\n\n\n\n<p><strong>ADRESSES IP<\/strong><br>Les serveurs d\u00e9tectent automatiquement l\u2019adresse IP et le domaine utilis\u00e9s par l\u2019utilisateur.<\/p>\n\n\n\n<p>Une adresse IP est un num\u00e9ro attribu\u00e9 automatiquement \u00e0 un ordinateur lorsqu\u2019il se connecte \u00e0 Internet. Ces informations sont enregistr\u00e9es dans un fichier d\u2019activit\u00e9 du serveur afin de produire des statistiques telles que le nombre de visites, ordre d\u2019acc\u00e8s, points d\u2019entr\u00e9e, etc.<\/p>\n\n\n\n<p><strong>POLITIQUE DE LIENS<\/strong><br>Le site peut rediriger vers des contenus tiers. Le Responsable ne contr\u00f4le pas ces contenus et n\u2019assume aucune responsabilit\u00e9, mais retirera imm\u00e9diatement tout contenu ill\u00e9gal, immorale ou contraire \u00e0 l\u2019ordre public et en informera les autorit\u00e9s comp\u00e9tentes.<\/p>\n\n\n\n<p><strong>PROTECTION DES DONN\u00c9ES<\/strong><br>Le Responsable se conforme au RGPD et \u00e0 la LOPDGDD, demandant le consentement pour des fins commerciales selon la Loi 34\/2002.<\/p>\n\n\n\n<p><strong>PROPRI\u00c9T\u00c9 INTELLECTUELLE ET INDUSTRIELLE<\/strong><br>Tous les contenus du site sont prot\u00e9g\u00e9s par la l\u00e9gislation sur la propri\u00e9t\u00e9 intellectuelle et industrielle. Toute reproduction ou utilisation n\u00e9cessite une autorisation \u00e9crite du Responsable. Les contenus de tiers sont sous la responsabilit\u00e9 de leurs propri\u00e9taires, avec autorisation pr\u00e9alable pour usage ou redirection.<\/p>\n\n\n\n<p><strong>SSL<\/strong><br>Le site dispose d\u2019un certificat SSL pour prot\u00e9ger les informations personnelles et confidentielles. L\u2019adresse du site s\u2019affichera en vert, activant le protocole \u00ab\u00a0https\u00a0\u00bb pour des connexions s\u00e9curis\u00e9es.<\/p>\n\n\n\n<h2 class=\"wp-block-heading\">Politique de confidentialit\u00e9<\/h2>\n\n\n\n<p><strong>HIDROGARNE, S.L.U.<\/strong> informe les utilisateurs du site web de sa politique concernant le traitement et la protection des donn\u00e9es \u00e0 caract\u00e8re personnel des utilisateurs et des clients.<\/p>\n\n\n\n<p>Et garantit \u00e0 tout moment le respect int\u00e9gral et complet des obligations pr\u00e9vues par la r\u00e9glementation en mati\u00e8re de protection des donn\u00e9es et des services de la soci\u00e9t\u00e9 de l\u2019information : R\u00e8glement (UE) 2016\/679 du Parlement europ\u00e9en et du Conseil du 27 avril 2016, relatif \u00e0 la protection des personnes physiques \u00e0 l\u2019\u00e9gard du traitement des donn\u00e9es \u00e0 caract\u00e8re personnel et \u00e0 la libre circulation de ces donn\u00e9es (RGPD), la Loi Organique 3\/2018 du 5 d\u00e9cembre relative \u00e0 la protection des donn\u00e9es personnelles et \u00e0 la garantie des droits num\u00e9riques (LOPDGDD) et la Loi 34\/2002 du 11 juillet relative aux services de la soci\u00e9t\u00e9 de l\u2019information et du commerce \u00e9lectronique (LSSIce).<\/p>\n\n\n\n<hr class=\"wp-block-separator has-alpha-channel-opacity\"\/>\n\n\n\n<p><strong>RESPONSABLE DU TRAITEMENT<\/strong><\/p>\n\n\n\n<p>HIDROGARNE, S.L.U.<br>C.I.F. : B25401373<br>Adresse : POL. IND. HOSTAL NOU, 2 &#8211; 25250 &#8211; BELLPUIG (LLEIDA)<br>Donn\u00e9es d\u2019enregistrement : Registre du commerce de Lleida, Volume 503, Section g\u00e9n\u00e9rale, Page 42, Feuille L-9391, Inscription 2\u00aa.<br>T\u00e9l\u00e9phone : 973320666<br>Courrier \u00e9lectronique : info@hidrogarne.com<\/p>\n\n\n\n<hr class=\"wp-block-separator has-alpha-channel-opacity\"\/>\n\n\n\n<p><strong>FINALIT\u00c9S DU TRAITEMENT DES DONN\u00c9ES<\/strong><\/p>\n\n\n\n<p>Les donn\u00e9es fournies par l\u2019Utilisateur sont utilis\u00e9es pour diff\u00e9rentes finalit\u00e9s \u00e9num\u00e9r\u00e9es ci-dessous :<\/p>\n\n\n\n<figure class=\"wp-block-table\"><table class=\"has-fixed-layout\"><tbody><tr><td><strong>Finalit\u00e9 du traitement <\/strong><strong><\/strong><\/td><td><strong>Base juridique du traitement<\/strong><strong><\/strong><\/td><\/tr><tr><td>G\u00e9rer les demandes ou tout type de requ\u00eate effectu\u00e9e via les formulaires de contact mis \u00e0 disposition sur le site web.<br><br><\/td><td>Int\u00e9r\u00eat l\u00e9gitime de la Soci\u00e9t\u00e9 pour r\u00e9pondre aux demandes d\u2019information via le site web.<br>Consentement donn\u00e9 express\u00e9ment au moment de la collecte des donn\u00e9es via les formulaires web.<\/td><\/tr><tr><td>Envoi de newsletters, communications commerciales et promotions.<br><br><\/td><td>Consentement donn\u00e9 express\u00e9ment au moment de la collecte des donn\u00e9es via les formulaires web.<\/td><\/tr><tr><td>G\u00e9rer les incidents et la maintenance du site web.<\/td><td>&nbsp;Int\u00e9r\u00eat l\u00e9gitime de la Soci\u00e9t\u00e9.<\/td><\/tr><\/tbody><\/table><\/figure>\n\n\n\n<hr class=\"wp-block-separator has-alpha-channel-opacity\"\/>\n\n\n\n<p><strong>DUR\u00c9E DE CONSERVATION DES DONN\u00c9ES<\/strong><\/p>\n\n\n\n<figure class=\"wp-block-table\"><table class=\"has-fixed-layout\"><tbody><tr><td><strong>Finalit\u00e9 du traitement <\/strong><strong><\/strong><\/td><td><strong>Dur\u00e9e de conservation<\/strong><strong><\/strong><\/td><\/tr><tr><td>G\u00e9rer les demandes ou requ\u00eates effectu\u00e9es via les formulaires de contact.<br><br><\/td><td>&nbsp;Nous traiterons vos donn\u00e9es pendant le temps n\u00e9cessaire pour r\u00e9pondre \u00e0 votre demande.<\/td><\/tr><tr><td>Envoi de newsletters, communications commerciales et promotions.<br><br><\/td><td>Nous traiterons vos donn\u00e9es jusqu\u2019\u00e0 votre d\u00e9sinscription.<\/td><\/tr><tr><td>G\u00e9rer les incidents et la maintenance du site web.<br><br><\/td><td>Nous traiterons vos donn\u00e9es pendant le temps n\u00e9cessaire pour respecter les d\u00e9lais l\u00e9gaux de prescription applicables.<\/td><\/tr><\/tbody><\/table><\/figure>\n\n\n\n<hr class=\"wp-block-separator has-alpha-channel-opacity\"\/>\n\n\n\n<p><strong>ENREGISTREMENT DES APPELS ET MESSAGES VOCAUX<\/strong><\/p>\n\n\n\n<p>Tous les appels entrants vers le standard ainsi que les messages vocaux que vous pouvez laisser peuvent \u00eatre enregistr\u00e9s afin de g\u00e9rer les demandes, requ\u00eates ou incidents, ainsi que pour garantir la qualit\u00e9 du service.<\/p>\n\n\n\n<p>Les enregistrements seront accessibles uniquement \u00e0 la personne destinataire ou au personnel autoris\u00e9, et seront prot\u00e9g\u00e9s par des mesures techniques et organisationnelles appropri\u00e9es afin de garantir leur confidentialit\u00e9 et leur int\u00e9grit\u00e9.<\/p>\n\n\n\n<p>La base l\u00e9gale du traitement est l\u2019ex\u00e9cution d\u2019un contrat ou l\u2019int\u00e9r\u00eat l\u00e9gitime de l\u2019entreprise dans la gestion de la relation avec les utilisateurs, clients et fournisseurs.<\/p>\n\n\n\n<p>Les enregistrements seront conserv\u00e9s uniquement pendant le temps n\u00e9cessaire \u00e0 la r\u00e9alisation des finalit\u00e9s d\u00e9crites, g\u00e9n\u00e9ralement 30 jours, et seront supprim\u00e9s automatiquement, sauf s\u2019il est n\u00e9cessaire de les conserver pour la gestion d\u2019un incident en cours.<\/p>\n\n\n\n<hr class=\"wp-block-separator has-alpha-channel-opacity\"\/>\n\n\n\n<p><strong>DESTINATAIRES DES DONN\u00c9ES<\/strong><\/p>\n\n\n\n<p>Afin de remplir les finalit\u00e9s indiqu\u00e9es dans la pr\u00e9sente Politique de Confidentialit\u00e9, il est n\u00e9cessaire de donner acc\u00e8s \u00e0 vos donn\u00e9es personnelles \u00e0 des tiers qui nous assistent dans les services que nous vous proposons (Sous-traitants).<\/p>\n\n\n\n<p>Les sous-traitants, pour l\u2019ex\u00e9cution d\u2019un contrat ou la prestation d\u2019un service au Responsable, doivent suivre ses instructions et garantir les m\u00eames niveaux de s\u00e9curit\u00e9.<\/p>\n\n\n\n<hr class=\"wp-block-separator has-alpha-channel-opacity\"\/>\n\n\n\n<p><strong>COOKIES<\/strong><\/p>\n\n\n\n<p>En ce qui concerne l\u2019utilisation des cookies et autres technologies de suivi, veuillez consulter la Politique de Cookies de ce site web. Dans ce cas, la base l\u00e9gale du traitement de vos donn\u00e9es est votre consentement donn\u00e9 lors de l\u2019acceptation des cookies dans votre navigateur.<\/p>\n\n\n\n<hr class=\"wp-block-separator has-alpha-channel-opacity\"\/>\n\n\n\n<p><strong>DROITS DES UTILISATEURS<\/strong><\/p>\n\n\n\n<p>L\u2019utilisateur a le droit de :<\/p>\n\n\n\n<ul class=\"wp-block-list\">\n<li>Demander l\u2019acc\u00e8s \u00e0 ses donn\u00e9es personnelles trait\u00e9es et recevoir ces informations par \u00e9crit par le moyen demand\u00e9.<\/li>\n\n\n\n<li>Demander la rectification des donn\u00e9es inexactes ou, le cas \u00e9ch\u00e9ant, leur suppression lorsque, entre autres raisons, les donn\u00e9es ne sont plus n\u00e9cessaires.<\/li>\n\n\n\n<li>Demander la limitation du traitement de ses donn\u00e9es.<\/li>\n\n\n\n<li>S\u2019opposer au traitement de ses donn\u00e9es personnelles, le cas \u00e9ch\u00e9ant.<\/li>\n\n\n\n<li>Droit \u00e0 la portabilit\u00e9 des donn\u00e9es, si :\n<ul class=\"wp-block-list\">\n<li>le traitement est bas\u00e9 sur le consentement ou un contrat,<\/li>\n\n\n\n<li>le traitement est effectu\u00e9 par des moyens automatis\u00e9s.<\/li>\n<\/ul>\n<\/li>\n\n\n\n<li>Retirer le consentement accord\u00e9.<\/li>\n\n\n\n<li>Introduire une r\u00e9clamation aupr\u00e8s de l\u2019Agence Espagnole de Protection des Donn\u00e9es.<\/li>\n<\/ul>\n\n\n\n<p>L\u2019Utilisateur peut exercer ces droits \u00e0 l\u2019adresse postale ou \u00e9lectronique du Responsable, en prouvant son identit\u00e9 avec une copie de son document d\u2019identit\u00e9 et en pr\u00e9cisant le droit qu\u2019il souhaite exercer.<\/p>\n\n\n\n<hr class=\"wp-block-separator has-alpha-channel-opacity\"\/>\n\n\n\n<p><strong>ORIGINE DES DONN\u00c9ES<\/strong><\/p>\n\n\n\n<p>Les donn\u00e9es personnelles doivent \u00eatre fournies volontairement par la personne concern\u00e9e. L\u2019absence de certaines donn\u00e9es ou le refus de r\u00e9pondre \u00e0 certaines questions peut emp\u00eacher l\u2019acc\u00e8s \u00e0 certains services n\u00e9cessitant ces donn\u00e9es.<\/p>\n\n\n\n<p>Le Responsable garantit la confidentialit\u00e9 des donn\u00e9es et leur s\u00e9curit\u00e9 en adoptant les mesures n\u00e9cessaires pour \u00e9viter leur alt\u00e9ration, perte ou acc\u00e8s non autoris\u00e9.<\/p>\n\n\n\n<hr class=\"wp-block-separator has-alpha-channel-opacity\"\/>\n\n\n\n<p><strong>INFORMATIONS FOURNIES PAR LA PERSONNE CONCERN\u00c9E<\/strong><\/p>\n\n\n\n<p>Les mineurs de moins de 18 ans ne peuvent pas fournir leurs donn\u00e9es personnelles sans le consentement pr\u00e9alable de leurs parents ou tuteurs l\u00e9gaux.<\/p>\n\n\n\n<p>La personne concern\u00e9e, en remplissant les formulaires, accepte express\u00e9ment que ses donn\u00e9es soient n\u00e9cessaires pour traiter sa demande.<\/p>\n\n\n\n<p>Elle garantit que les donn\u00e9es fournies sont exactes et s\u2019engage \u00e0 notifier toute modification.<\/p>\n\n\n\n<hr class=\"wp-block-separator has-alpha-channel-opacity\"\/>\n\n\n\n<p><strong>MESURES DE S\u00c9CURIT\u00c9<\/strong><\/p>\n\n\n\n<p>Le Responsable respecte les dispositions du RGPD et de la LOPDGDD, en garantissant un traitement licite, loyal et transparent, ad\u00e9quat et limit\u00e9 \u00e0 ce qui est n\u00e9cessaire.<\/p>\n\n\n\n<p>Il a mis en place des mesures techniques et organisationnelles appropri\u00e9es pour prot\u00e9ger les droits des personnes concern\u00e9es.<\/p>\n\n\n\n<hr class=\"wp-block-separator has-alpha-channel-opacity\"\/>\n\n\n\n<p><strong>VIOLATIONS DE S\u00c9CURIT\u00c9<\/strong><\/p>\n\n\n\n<p>Le Responsable informera toute violation de s\u00e9curit\u00e9 affectant les donn\u00e9es dans un d\u00e9lai de 72 heures apr\u00e8s sa d\u00e9tection, aux personnes concern\u00e9es et aux autorit\u00e9s.<\/p>\n\n\n\n<hr class=\"wp-block-separator has-alpha-channel-opacity\"\/>\n\n\n\n<p><strong>L\u00c9GISLATION APPLICABLE ET JURIDICTION<\/strong><\/p>\n\n\n\n<p>Le Responsable se r\u00e9serve le droit d\u2019engager des actions civiles ou p\u00e9nales en cas d\u2019utilisation abusive du site.<\/p>\n\n\n\n<p>La relation entre l\u2019Utilisateur et le Responsable est r\u00e9gie par la l\u00e9gislation espagnole. En cas de litige, les parties se soumettront aux tribunaux comp\u00e9tents.<\/p>\n","protected":false},"excerpt":{"rendered":"<p>Mentions l\u00e9gales TITULAIRE DU SITE WEBConform\u00e9ment au devoir d\u2019information pr\u00e9vu \u00e0 l\u2019article 10 de la Loi 34\/2002 du 11 juillet sur les services de la soci\u00e9t\u00e9 de l\u2019information et le commerce \u00e9lectronique, les donn\u00e9es suivantes sont fournies : Soci\u00e9t\u00e9 titulaire de ce site web : HIDROGARNE, S.L.U.C.I.F. : B25401373Adresse : POL. IND. HOSTAL NOU, 2 &#8211; 25250 &#8211; BELLPUIG (LLEIDA)Donn\u00e9es&#8230;<\/p>\n","protected":false},"author":1,"featured_media":0,"parent":0,"menu_order":0,"comment_status":"closed","ping_status":"closed","template":"","meta":{"footnotes":""},"tipo-de-maquina":[],"class_list":["post-40929","page","type-page","status-publish"],"yoast_head":"<!-- This site is optimized with the Yoast SEO plugin v27.4 - https:\/\/yoast.com\/product\/yoast-seo-wordpress\/ -->\n<title>Mentions l\u00e9gales et politique de confidentialit\u00e9 - Hidrogarne<\/title>\n<meta name=\"description\" content=\"Mentions l\u00e9gales et politique de confidentialit\u00e9\" \/>\n<meta name=\"robots\" content=\"index, follow, max-snippet:-1, max-image-preview:large, max-video-preview:-1\" \/>\n<link rel=\"canonical\" href=\"https:\/\/www.hidrogarne.com\/fr\/mentions-legales\/\" \/>\n<meta property=\"og:locale\" content=\"fr_FR\" \/>\n<meta property=\"og:type\" content=\"article\" \/>\n<meta property=\"og:title\" content=\"Mentions l\u00e9gales et politique de confidentialit\u00e9 - Hidrogarne\" \/>\n<meta property=\"og:description\" content=\"Mentions l\u00e9gales et politique de confidentialit\u00e9\" \/>\n<meta property=\"og:url\" content=\"https:\/\/www.hidrogarne.com\/fr\/mentions-legales\/\" \/>\n<meta property=\"og:site_name\" content=\"Hidrogarne\" \/>\n<meta property=\"article:publisher\" content=\"https:\/\/www.facebook.com\/HIDROGARNE\" \/>\n<meta property=\"article:modified_time\" content=\"2026-04-16T10:05:47+00:00\" \/>\n<meta name=\"twitter:card\" content=\"summary_large_image\" \/>\n<meta name=\"twitter:site\" content=\"@hidrogarne\" \/>\n<meta name=\"twitter:label1\" content=\"Dur\u00e9e de lecture estim\u00e9e\" \/>\n\t<meta name=\"twitter:data1\" content=\"7 minutes\" \/>\n<script type=\"application\/ld+json\" class=\"yoast-schema-graph\">{\"@context\":\"https:\\\/\\\/schema.org\",\"@graph\":[{\"@type\":\"WebPage\",\"@id\":\"https:\\\/\\\/www.hidrogarne.com\\\/fr\\\/mentions-legales\\\/\",\"url\":\"https:\\\/\\\/www.hidrogarne.com\\\/fr\\\/mentions-legales\\\/\",\"name\":\"Mentions l\u00e9gales et politique de confidentialit\u00e9 - Hidrogarne\",\"isPartOf\":{\"@id\":\"https:\\\/\\\/www.hidrogarne.com\\\/fr\\\/#website\"},\"datePublished\":\"2024-03-05T14:51:36+00:00\",\"dateModified\":\"2026-04-16T10:05:47+00:00\",\"description\":\"Mentions l\u00e9gales et politique de confidentialit\u00e9\",\"breadcrumb\":{\"@id\":\"https:\\\/\\\/www.hidrogarne.com\\\/fr\\\/mentions-legales\\\/#breadcrumb\"},\"inLanguage\":\"fr-FR\",\"potentialAction\":[{\"@type\":\"ReadAction\",\"target\":[\"https:\\\/\\\/www.hidrogarne.com\\\/fr\\\/mentions-legales\\\/\"]}]},{\"@type\":\"BreadcrumbList\",\"@id\":\"https:\\\/\\\/www.hidrogarne.com\\\/fr\\\/mentions-legales\\\/#breadcrumb\",\"itemListElement\":[{\"@type\":\"ListItem\",\"position\":1,\"name\":\"Portada\",\"item\":\"https:\\\/\\\/www.hidrogarne.com\\\/fr\\\/\"},{\"@type\":\"ListItem\",\"position\":2,\"name\":\"Mentions l\u00e9gales et politique de confidentialit\u00e9\"}]},{\"@type\":\"WebSite\",\"@id\":\"https:\\\/\\\/www.hidrogarne.com\\\/fr\\\/#website\",\"url\":\"https:\\\/\\\/www.hidrogarne.com\\\/fr\\\/\",\"name\":\"Hidrogarne\",\"description\":\"HIDROGARNE, empresa fabricante de prensas hidr\u00e1ulicas y posicionadores, y distribuidora de cizallas, curvadorasy plegadoras nuevas y de ocasi\u00f3n. Expertos en maquinaria para la deformaci\u00f3n.\",\"publisher\":{\"@id\":\"https:\\\/\\\/www.hidrogarne.com\\\/fr\\\/#organization\"},\"potentialAction\":[{\"@type\":\"SearchAction\",\"target\":{\"@type\":\"EntryPoint\",\"urlTemplate\":\"https:\\\/\\\/www.hidrogarne.com\\\/fr\\\/?s={search_term_string}\"},\"query-input\":{\"@type\":\"PropertyValueSpecification\",\"valueRequired\":true,\"valueName\":\"search_term_string\"}}],\"inLanguage\":\"fr-FR\"},{\"@type\":\"Organization\",\"@id\":\"https:\\\/\\\/www.hidrogarne.com\\\/fr\\\/#organization\",\"name\":\"Hidrogarne\",\"url\":\"https:\\\/\\\/www.hidrogarne.com\\\/fr\\\/\",\"logo\":{\"@type\":\"ImageObject\",\"inLanguage\":\"fr-FR\",\"@id\":\"https:\\\/\\\/www.hidrogarne.com\\\/fr\\\/#\\\/schema\\\/logo\\\/image\\\/\",\"url\":\"https:\\\/\\\/www.hidrogarne.com\\\/wp-content\\\/uploads\\\/2018\\\/10\\\/hidrogarne-logo.png\",\"contentUrl\":\"https:\\\/\\\/www.hidrogarne.com\\\/wp-content\\\/uploads\\\/2018\\\/10\\\/hidrogarne-logo.png\",\"width\":300,\"height\":45,\"caption\":\"Hidrogarne\"},\"image\":{\"@id\":\"https:\\\/\\\/www.hidrogarne.com\\\/fr\\\/#\\\/schema\\\/logo\\\/image\\\/\"},\"sameAs\":[\"https:\\\/\\\/www.facebook.com\\\/HIDROGARNE\",\"https:\\\/\\\/x.com\\\/hidrogarne\",\"https:\\\/\\\/www.linkedin.com\\\/company\\\/hidrogarne\",\"https:\\\/\\\/www.instagram.com\\\/hidrogarne\\\/\",\"https:\\\/\\\/www.youtube.com\\\/channel\\\/UCtNdbn3nQG8clgWGTsEJuaw\"]}]}<\/script>\n<!-- \/ Yoast SEO plugin. -->","yoast_head_json":{"title":"Mentions l\u00e9gales et politique de confidentialit\u00e9 - Hidrogarne","description":"Mentions l\u00e9gales et politique de confidentialit\u00e9","robots":{"index":"index","follow":"follow","max-snippet":"max-snippet:-1","max-image-preview":"max-image-preview:large","max-video-preview":"max-video-preview:-1"},"canonical":"https:\/\/www.hidrogarne.com\/fr\/mentions-legales\/","og_locale":"fr_FR","og_type":"article","og_title":"Mentions l\u00e9gales et politique de confidentialit\u00e9 - Hidrogarne","og_description":"Mentions l\u00e9gales et politique de confidentialit\u00e9","og_url":"https:\/\/www.hidrogarne.com\/fr\/mentions-legales\/","og_site_name":"Hidrogarne","article_publisher":"https:\/\/www.facebook.com\/HIDROGARNE","article_modified_time":"2026-04-16T10:05:47+00:00","twitter_card":"summary_large_image","twitter_site":"@hidrogarne","twitter_misc":{"Dur\u00e9e de lecture estim\u00e9e":"7 minutes"},"schema":{"@context":"https:\/\/schema.org","@graph":[{"@type":"WebPage","@id":"https:\/\/www.hidrogarne.com\/fr\/mentions-legales\/","url":"https:\/\/www.hidrogarne.com\/fr\/mentions-legales\/","name":"Mentions l\u00e9gales et politique de confidentialit\u00e9 - Hidrogarne","isPartOf":{"@id":"https:\/\/www.hidrogarne.com\/fr\/#website"},"datePublished":"2024-03-05T14:51:36+00:00","dateModified":"2026-04-16T10:05:47+00:00","description":"Mentions l\u00e9gales et politique de confidentialit\u00e9","breadcrumb":{"@id":"https:\/\/www.hidrogarne.com\/fr\/mentions-legales\/#breadcrumb"},"inLanguage":"fr-FR","potentialAction":[{"@type":"ReadAction","target":["https:\/\/www.hidrogarne.com\/fr\/mentions-legales\/"]}]},{"@type":"BreadcrumbList","@id":"https:\/\/www.hidrogarne.com\/fr\/mentions-legales\/#breadcrumb","itemListElement":[{"@type":"ListItem","position":1,"name":"Portada","item":"https:\/\/www.hidrogarne.com\/fr\/"},{"@type":"ListItem","position":2,"name":"Mentions l\u00e9gales et politique de confidentialit\u00e9"}]},{"@type":"WebSite","@id":"https:\/\/www.hidrogarne.com\/fr\/#website","url":"https:\/\/www.hidrogarne.com\/fr\/","name":"Hidrogarne","description":"HIDROGARNE, empresa fabricante de prensas hidr\u00e1ulicas y posicionadores, y distribuidora de cizallas, curvadorasy plegadoras nuevas y de ocasi\u00f3n. Expertos en maquinaria para la deformaci\u00f3n.","publisher":{"@id":"https:\/\/www.hidrogarne.com\/fr\/#organization"},"potentialAction":[{"@type":"SearchAction","target":{"@type":"EntryPoint","urlTemplate":"https:\/\/www.hidrogarne.com\/fr\/?s={search_term_string}"},"query-input":{"@type":"PropertyValueSpecification","valueRequired":true,"valueName":"search_term_string"}}],"inLanguage":"fr-FR"},{"@type":"Organization","@id":"https:\/\/www.hidrogarne.com\/fr\/#organization","name":"Hidrogarne","url":"https:\/\/www.hidrogarne.com\/fr\/","logo":{"@type":"ImageObject","inLanguage":"fr-FR","@id":"https:\/\/www.hidrogarne.com\/fr\/#\/schema\/logo\/image\/","url":"https:\/\/www.hidrogarne.com\/wp-content\/uploads\/2018\/10\/hidrogarne-logo.png","contentUrl":"https:\/\/www.hidrogarne.com\/wp-content\/uploads\/2018\/10\/hidrogarne-logo.png","width":300,"height":45,"caption":"Hidrogarne"},"image":{"@id":"https:\/\/www.hidrogarne.com\/fr\/#\/schema\/logo\/image\/"},"sameAs":["https:\/\/www.facebook.com\/HIDROGARNE","https:\/\/x.com\/hidrogarne","https:\/\/www.linkedin.com\/company\/hidrogarne","https:\/\/www.instagram.com\/hidrogarne\/","https:\/\/www.youtube.com\/channel\/UCtNdbn3nQG8clgWGTsEJuaw"]}]}},"_links":{"self":[{"href":"https:\/\/www.hidrogarne.com\/fr\/wp-json\/wp\/v2\/pages\/40929","targetHints":{"allow":["GET"]}}],"collection":[{"href":"https:\/\/www.hidrogarne.com\/fr\/wp-json\/wp\/v2\/pages"}],"about":[{"href":"https:\/\/www.hidrogarne.com\/fr\/wp-json\/wp\/v2\/types\/page"}],"author":[{"embeddable":true,"href":"https:\/\/www.hidrogarne.com\/fr\/wp-json\/wp\/v2\/users\/1"}],"replies":[{"embeddable":true,"href":"https:\/\/www.hidrogarne.com\/fr\/wp-json\/wp\/v2\/comments?post=40929"}],"version-history":[{"count":2,"href":"https:\/\/www.hidrogarne.com\/fr\/wp-json\/wp\/v2\/pages\/40929\/revisions"}],"predecessor-version":[{"id":48145,"href":"https:\/\/www.hidrogarne.com\/fr\/wp-json\/wp\/v2\/pages\/40929\/revisions\/48145"}],"wp:attachment":[{"href":"https:\/\/www.hidrogarne.com\/fr\/wp-json\/wp\/v2\/media?parent=40929"}],"wp:term":[{"taxonomy":"tipo-de-maquina","embeddable":true,"href":"https:\/\/www.hidrogarne.com\/fr\/wp-json\/wp\/v2\/tipo-de-maquina?post=40929"}],"curies":[{"name":"wp","href":"https:\/\/api.w.org\/{rel}","templated":true}]}}